{"id":13633,"date":"2022-08-11T13:06:24","date_gmt":"2022-08-11T11:06:24","guid":{"rendered":"https:\/\/b2b.p2rbike.com\/product\/p2r-mascot-s-52-56-cm-lime-sky-blue\/"},"modified":"2026-03-23T08:23:03","modified_gmt":"2026-03-23T07:23:03","slug":"p2r-mascot-s-52-56-cm-lime-sky-blue-2","status":"publish","type":"product","link":"https:\/\/b2b.p2rbike.com\/sk\/produkt\/p2r-mascot-s-52-56-cm-lime-sky-blue-2\/","title":{"rendered":"P2R MASCOT, S (52-56 cm), Lime\/Sky Blue"},"content":{"rendered":"<p><strong>DETSK\u00c1 PRILBA<\/strong><\/p>\n<p>Model prilby P2R MASCOT predstavuje nov\u00fd koncept bezpe\u010dnosti na\u0161ich det\u00ed. S kon\u0161trukciou In-mold a \u0161irok\u00fdm spektrom nastavenia ve\u013ekosti prilby k obvodu hlavy: <strong>XS (48-52cm)<\/strong> a <strong>S (52-56cm)<\/strong>, bude prilba doslova r\u00e1s\u0165 s Va\u0161im die\u0165a\u0165om od kateg\u00f3rie &#8222;odr\u00e1\u017eadlo&#8220; a\u017e po bicykle ve\u013ekosti <strong>12&#8243; &#8211; 16&#8243;.<\/strong><br \/>\nPrilba je dizajnovan\u00e1 s integrovan\u00fdm \u0161t\u00edtom proti slnku, 12 vetrac\u00edmi otvormi, nov\u00fdm nastavovac\u00edm syst\u00e9mom, nov\u00fdm sp\u00f4sobom nastavenia d\u013a\u017eky strapov, komfortn\u00fdmi vlo\u017ekami a\u017e po reflexn\u00e9 detaily, ktor\u00e9 zvy\u0161uj\u00fa vidite\u013enos\u0165.<br \/>\nGrafick\u00e9 prevedenie je prisp\u00f4soben\u00e9 vekovej kateg\u00f3rii a je samostatne rie\u0161en\u00e9 pre deti do 3 rokov (kreslen\u00fd dizajn) vo ve\u013ekosti XS.<br \/>\nPre star\u0161ie deti je dizajn <strong>MASCOT<\/strong> vo ve\u013ekosti <strong>S<\/strong> in\u0161pirovan\u00fd modelom pre dospel\u00fdch, kde sme aj pri detskej grafike pou\u017eili prvky grafiky<strong>P2R FORTEX<\/strong>.Na\u0161im z\u00e1merom bolo pripravit <strong>family program<\/strong>, kedy maj\u00fa deti mo\u017enos\u0165 nosi\u0165 prilby podobn\u00e9 t\u00fdm, ktor\u00e9 pou\u017e\u00edvaj\u00fa ich rodi\u010dia, alebo in\u00ed dospel\u00ed jazdci. Teraz u\u017e sta\u010d\u00ed len necha\u0165 Va\u0161e die\u0165a vybra\u0165 si t\u00fa najkraj\u0161iu verziu svojej prilby MASCOT a m\u00e1te istotu, \u017ee ju bude nosi\u0165 s rados\u0165ou a v\u017edy, ke\u010f p\u00f4jde jazdi\u0165 na bicykel.<\/p>\n<p><strong>DETAILY<\/strong>:<br \/>\n\u2022 <strong>In-mold technology<\/strong> &#8211; zvy\u0161uje pevnos\u0165 prilby a zni\u017euje hmotnos\u0165<br \/>\n\u2022 Hmotnos\u0165: XS <strong>230 g<\/strong>, S <strong>240 g<\/strong><br \/>\n\u2022 <strong>PBPA<\/strong> (perfect buckle position adjustment) &#8211; zvy\u0161uje komfort a zabra\u0148uje kr\u00ed\u017eeniu popruhov v oblasti u\u0161\u00ed<br \/>\n\u2022 <strong>Integrovan\u00fd \u0161t\u00edt<\/strong> &#8211; poskytuje ochranu proti slnku<br \/>\n\u2022 Ochrann\u00e1 sie\u0165ka &#8211; chr\u00e1ni pred ne\u017eiad\u00facim hmyzom<br \/>\n\u2022 <strong>Reflexn\u00e9 detaily<\/strong> &#8211; pre zv\u00fd\u0161enie vidite\u013enosti<br \/>\n\u2022 <strong>Antibakteri\u00e1lne v\u00fdstelky<\/strong> &#8211; pre zv\u00fd\u0161enie komfortu jazdca<br \/>\n\u2022 <strong>CE certifik\u00e1t<\/strong>&#8211; je garantom bezpe\u010dnosti a kvalitn\u00e9ho spracovania v s\u00falade s Eur\u00f3pskymi normami<\/p>\n<p>BALENIE: prilba MASCOT, n\u00e1vod na pou\u017eitie<\/p>\n<p><strong>FAREBN\u00c9 VARIANTY:<\/strong><\/p>\n<p><strong>VE\u013dKOS\u0164 S (52-56 cm):<\/strong><br \/>\n\u2022 Army green\/Lime<br \/>\n\u2022 Black\/Racing Red<br \/>\n\u2022 Lime\/Sky Blue<br \/>\n\u2022 Satin Pink\/Rose Pink<br \/>\n\u2022 Summer Morning Orange<\/p>\n<p><strong>VE\u013dKOS\u0164 XS (48-52 cm):<\/strong><br \/>\n\u2022 Racing buggy Blue<br \/>\n\u2022 Rainbow purple<br \/>\n\u2022 Space dark blue<br \/>\n\u2022 Sunny smile<\/p>\n","protected":false},"excerpt":{"rendered":"<p>DETSK\u00c1 PRILBA Model prilby P2R MASCOT predstavuje nov\u00fd koncept bezpe\u010dnosti na\u0161ich det\u00ed. S kon\u0161trukciou In-mold a \u0161irok\u00fdm spektrom nastavenia ve\u013ekosti<\/p>\n","protected":false},"featured_media":11583,"template":"","meta":{"_acf_changed":false},"product_brand":[],"product_cat":[411,413],"product_tag":[],"class_list":{"0":"post-13633","1":"product","2":"type-product","3":"status-publish","4":"has-post-thumbnail","6":"product_cat-prilby","7":"product_cat-detske-prilby","9":"first","10":"instock","11":"taxable","12":"shipping-taxable","13":"purchasable","14":"product-type-simple"},"bundled_by":[],"bundle_stock_status":"instock","bundle_stock_quantity":33,"bundle_virtual":false,"bundle_layout":"","bundle_add_to_cart_form_location":"","bundle_editable_in_cart":false,"bundle_sold_individually_context":"","bundle_item_grouping":"","bundle_min_size":"","bundle_max_size":"","bundle_price":[],"bundled_items":[],"bundle_sell_ids":[],"acf":[],"_links":{"self":[{"href":"https:\/\/b2b.p2rbike.com\/sk\/wp-json\/wp\/v2\/product\/13633","targetHints":{"allow":["GET"]}}],"collection":[{"href":"https:\/\/b2b.p2rbike.com\/sk\/wp-json\/wp\/v2\/product"}],"about":[{"href":"https:\/\/b2b.p2rbike.com\/sk\/wp-json\/wp\/v2\/types\/product"}],"wp:featuredmedia":[{"embeddable":true,"href":"https:\/\/b2b.p2rbike.com\/sk\/wp-json\/wp\/v2\/media\/11583"}],"wp:attachment":[{"href":"https:\/\/b2b.p2rbike.com\/sk\/wp-json\/wp\/v2\/media?parent=13633"}],"wp:term":[{"taxonomy":"product_brand","embeddable":true,"href":"https:\/\/b2b.p2rbike.com\/sk\/wp-json\/wp\/v2\/product_brand?post=13633"},{"taxonomy":"product_cat","embeddable":true,"href":"https:\/\/b2b.p2rbike.com\/sk\/wp-json\/wp\/v2\/product_cat?post=13633"},{"taxonomy":"product_tag","embeddable":true,"href":"https:\/\/b2b.p2rbike.com\/sk\/wp-json\/wp\/v2\/product_tag?post=13633"}],"curies":[{"name":"wp","href":"https:\/\/api.w.org\/{rel}","templated":true}]}}